{"id":2226,"date":"2023-07-05T13:10:03","date_gmt":"2023-07-05T13:10:03","guid":{"rendered":"https:\/\/www.banglearningframework.eu\/activity\/sto-pa-sto-sto-sada\/"},"modified":"2024-01-22T15:57:59","modified_gmt":"2024-01-22T15:57:59","slug":"sto-pa-sto-sto-sada","status":"publish","type":"activity","link":"https:\/\/www.banglearningframework.eu\/hr\/activity\/sto-pa-sto-sto-sada\/","title":{"rendered":"\u0160to? Pa \u0161to? \u0160to sada?"},"content":{"rendered":"\n<h2 class=\"wp-block-heading\">Sa\u017eetak aktivnosti<\/h2>\n\n<p>Ova jednostavna refleksijska aktivnost omogu\u0107uje u\u010denicima da razmisle o onome \u0161to su dosad nau\u010dili na 3 razine: \u0160to?, Pa \u0161to?, \u0160to sada? <\/p>\n\n<p>Cilj je ove aktivnosti podr\u017eati u\u010denike u utvr\u0111ivanju njihovog prethodnog individualnog u\u010denja i poticanju za novo u\u010denje u budu\u0107nosti. Na taj je na\u010din aktivnost usmjerena na pro\u0161lost &#8211; \u0161to se dogodilo, \u0161to su u\u010denici dosad nau\u010dili i kako su se razvili te na kraju tra\u017ei od u\u010denika da predvide budu\u0107e u\u010denje temeljno na dosada\u0161njim iskustvima. <\/p>\n\n<h2 class=\"wp-block-heading\">Plan aktivnosti<\/h2>\n\n<div class=\"wp-block-group timeline\"><div class=\"wp-block-group__inner-container is-layout-constrained wp-block-group-is-layout-constrained\">\n<div class=\"wp-block-group single_step is-nowrap is-layout-flex wp-container-core-group-is-layout-64989fb1 wp-block-group-is-layout-flex\">\n<p class=\"step_number\">1<\/p>\n\n\n\n<div class=\"wp-block-group step_right\"><div class=\"wp-block-group__inner-container is-layout-constrained wp-block-group-is-layout-constrained\">\n<p class=\"step_timing\">5 min<\/p>\n\n\n\n<p>Napi\u0161ite 3 \u0160TO? izjave negdje gdje ih svi u\u010denici mogu vidjeti. Dok pi\u0161ete zamolite u\u010denike da uzmu papir i olovku, a zatim ih zamolite da svojim stolcima formiraju krug. Istaknite kako je ovo kratka aktivnost refleksije, u kojoj \u0107e u\u010denici razmisliti o temi koja se pou\u010dava na vi\u0161e razina i povezati je s vlastitim \u017eivotom pomo\u0107u alata \u201c\u0160TO?\u201d \u2013 \u201cPA \u0160TO?\u201d \u2013 \u201c\u0160TO SADA?\u201d <\/p>\n<\/div><\/div>\n<\/div>\n\n\n\n<div class=\"wp-block-group single_step is-nowrap is-layout-flex wp-container-core-group-is-layout-64989fb1 wp-block-group-is-layout-flex\">\n<p class=\"step_number\">2<\/p>\n\n\n\n<div class=\"wp-block-group step_right\"><div class=\"wp-block-group__inner-container is-layout-constrained wp-block-group-is-layout-constrained\">\n<p class=\"step_timing\">5 min<\/p>\n\n\n\n<p>Kada svi sjedite u krugu &#8211; zatra\u017eite u\u010denike da se prisjete onoga \u0161to su upravo u\u010dili te im dajte 5 minuta da zabilje\u017ee (u bilo kojem formatu koji im se svi\u0111a) svoje intuitivne odgovore na sljede\u0107a pitanja:<\/p>\n\n\n\n<p>\u0160TO?<\/p>\n\n\n\n<p>\u0160to se dogodilo u procesu\/tematskom razdoblju u kojem sam upravo bio? Koji su se doga\u0111aji dogodili? Koje su radnje poduzete?  <\/p>\n\n\n\n<p>PA \u0160TO?<\/p>\n\n\n\n<p>\u0160to je bilo lako, izazovno, dirljivo, te\u0161ko itd. u tome? \u0160to smatram da je bilo va\u017eno, a \u0161to nije bilo va\u017eno? Koje uvide mogu dobiti od ovoga?  <\/p>\n\n\n\n<p>\u0160TO SADA? <\/p>\n\n\n\n<p>\u0160to sada mogu ponijeti sa sobom kako bih nastavio dalje? (u\u010denje, stvarne stvari koje sam u\u010dinio itd.) \u0160to je ne\u0161to \u0161to bih trebao pustiti kako bih mogao krenuti naprijed? \u0160to sada mogu promijeniti \/ pobolj\u0161ati u vlastitom na\u010dinu rada i vlastitom stavu?   <\/p>\n<\/div><\/div>\n<\/div>\n\n\n\n<div class=\"wp-block-group single_step is-nowrap is-layout-flex wp-container-core-group-is-layout-64989fb1 wp-block-group-is-layout-flex\">\n<p class=\"step_number\">3<\/p>\n\n\n\n<div class=\"wp-block-group step_right\"><div class=\"wp-block-group__inner-container is-layout-constrained wp-block-group-is-layout-constrained\">\n<p class=\"step_timing\">30 sekundi<\/p>\n\n\n\n<p>Dajte u\u010denicima do znanja da je vrijeme pro\u0161lo i zamolite ih da pogledaju oko sebe i pogledaju jedni drugima u o\u010di 30 sekundi.<\/p>\n<\/div><\/div>\n<\/div>\n\n\n\n<div class=\"wp-block-group single_step is-nowrap is-layout-flex wp-container-core-group-is-layout-64989fb1 wp-block-group-is-layout-flex\">\n<p class=\"step_number\">4<\/p>\n\n\n\n<div class=\"wp-block-group step_right\"><div class=\"wp-block-group__inner-container is-layout-constrained wp-block-group-is-layout-constrained\">\n<p class=\"step_timing\">10 min<\/p>\n\n\n\n<p>Omogu\u0107ite svakom u\u010deniku priliku da podijeli svoj odgovor na posljednje pitanje \u201c\u0160to sada?\u201d<\/p>\n<\/div><\/div>\n<\/div>\n<\/div><\/div>\n\n<h2 class=\"wp-block-heading\">Savjeti<\/h2>\n\n<ul class=\"wp-block-list\">\n<li>Poku\u0161ajte pozvati u\u010denike da se kre\u0107u kroz ove 3 faze razmi\u0161ljanja:<\/li>\n\n\n\n<li>\u0160to? = Objektivan pregled onoga \u0161to se dogodilo, \u010dinjeni\u010dno &#8211; \u0161to se objektivno dogodilo? <\/li>\n\n\n\n<li>Pa \u0161to? = Subjektivno i analiti\u010dko istra\u017eivanje implikacija, stvaranja smisla <\/li>\n\n\n\n<li>\u0160to sada? = Pogled na to kako se nau\u010dene lekcije mogu prenijeti naprijed, gledaju\u0107i prema budu\u0107nosti, kako bismo to mogli koristiti, \u0161to smo nau\u010dili iz ovoga, sljede\u0107i koraci u na\u0161em radu i u\u010denju. U slu\u010daju da je dijeljenje previ\u0161e intenzivno za u\u010denike u krugu, razmislite o tome da se u\u010denici kre\u0107u po prostoriji nakon svog razmi\u0161ljanja i dijele u parovima &#8211; npr. potaknite ih da podijele svoja razmi\u0161ljanja u &#8220;hodanju i razgovoru&#8221;. <\/li>\n<\/ul>\n\n<h2 class=\"wp-block-heading\">Dodatni izvori<\/h2>\n\n<p><a href=\"https:\/\/www.experientiallearning.org\/blog\/what-so-what-now-what-reflection-model-and-reflection-questions\/\">https:\/\/www.experientiallearning.org\/blog\/what-so-what-now-what-reflection-model-and-reflection-questions\/<\/a><\/p>\n\n<p>\u017delite li saznati vi\u0161e o alatu i inspirirati se drugim potecijalnim pitanjima, pogledajte: <a href=\"https:\/\/modelthinkers.com\/mental-model\/what-so-what-now-what\">https:\/\/modelthinkers.com\/mental-model\/what-so-what-now-what<\/a><\/p>\n","protected":false},"excerpt":{"rendered":"<p>Sa\u017eetak aktivnosti Ova jednostavna refleksijska aktivnost omogu\u0107uje u\u010denicima da razmisle o onome \u0161to su dosad nau\u010dili na 3 razine: \u0160to?, Pa \u0161to?, \u0160to sada? Cilj je ove aktivnosti podr\u017eati u\u010denike u utvr\u0111ivanju njihovog prethodnog individualnog u\u010denja i poticanju za novo u\u010denje u budu\u0107nosti. Na taj je na\u010din aktivnost usmjerena na pro\u0161lost &#8211; \u0161to se dogodilo, [&hellip;]<\/p>\n","protected":false},"featured_media":945,"parent":0,"menu_order":0,"template":"","format":"standard","meta":{"footnotes":""},"time":[102],"learningjourney":[126],"skills":[140,148],"organisationalmode":[152,159],"class_list":["post-2226","activity","type-activity","status-publish","format-standard","has-post-thumbnail","hentry","time-up-to-30-minutes-hr","learningjourney-reflection-hr","skills-evaluate-hr","skills-synthetise-and-analyse-hr","organisationalmode-class-hr","organisationalmode-individual-hr"],"_links":{"self":[{"href":"https:\/\/www.banglearningframework.eu\/hr\/wp-json\/wp\/v2\/activity\/2226","targetHints":{"allow":["GET"]}}],"collection":[{"href":"https:\/\/www.banglearningframework.eu\/hr\/wp-json\/wp\/v2\/activity"}],"about":[{"href":"https:\/\/www.banglearningframework.eu\/hr\/wp-json\/wp\/v2\/types\/activity"}],"version-history":[{"count":3,"href":"https:\/\/www.banglearningframework.eu\/hr\/wp-json\/wp\/v2\/activity\/2226\/revisions"}],"predecessor-version":[{"id":2229,"href":"https:\/\/www.banglearningframework.eu\/hr\/wp-json\/wp\/v2\/activity\/2226\/revisions\/2229"}],"wp:featuredmedia":[{"embeddable":true,"href":"https:\/\/www.banglearningframework.eu\/hr\/wp-json\/wp\/v2\/media\/945"}],"wp:attachment":[{"href":"https:\/\/www.banglearningframework.eu\/hr\/wp-json\/wp\/v2\/media?parent=2226"}],"wp:term":[{"taxonomy":"time","embeddable":true,"href":"https:\/\/www.banglearningframework.eu\/hr\/wp-json\/wp\/v2\/time?post=2226"},{"taxonomy":"learningjourney","embeddable":true,"href":"https:\/\/www.banglearningframework.eu\/hr\/wp-json\/wp\/v2\/learningjourney?post=2226"},{"taxonomy":"skills","embeddable":true,"href":"https:\/\/www.banglearningframework.eu\/hr\/wp-json\/wp\/v2\/skills?post=2226"},{"taxonomy":"organisationalmode","embeddable":true,"href":"https:\/\/www.banglearningframework.eu\/hr\/wp-json\/wp\/v2\/organisationalmode?post=2226"}],"curies":[{"name":"wp","href":"https:\/\/api.w.org\/{rel}","templated":true}]}}