{"id":2059,"date":"2023-07-05T12:02:40","date_gmt":"2023-07-05T12:02:40","guid":{"rendered":"https:\/\/www.banglearningframework.eu\/activity\/malena-cudovista-2\/"},"modified":"2024-01-19T15:14:12","modified_gmt":"2024-01-19T15:14:12","slug":"malena-cudovista-2","status":"publish","type":"activity","link":"https:\/\/www.banglearningframework.eu\/hr\/activity\/malena-cudovista-2\/","title":{"rendered":"Malena \u010dudovi\u0161ta"},"content":{"rendered":"\n<h2 class=\"wp-block-heading\">Sa\u017eetak aktivnosti<\/h2>\n\n<p>U ovoj aktivnosti u\u010denici kroz crtanje istra\u017euju i artikuliraju kako se osje\u0107aju. Ova aktivnost poma\u017ee u\u010denicima da izraze, iznesu i suo\u010de se sa svojim strahovima. U\u010denici se \u010desto nalaze u uvjetima stresa ili tjeskobe povezane s akademskim uspjehom i osobnim \u017eivotom: crtanje poma\u017ee vizualizirati ta emocionalna stanja i stvoriti konkretnu podr\u0161ku za dijeljenje emocija s vr\u0161njacima.  <\/p>\n\n<h2 class=\"wp-block-heading\">Plan aktivnosti<\/h2>\n\n<div class=\"wp-block-group timeline\"><div class=\"wp-block-group__inner-container is-layout-constrained wp-block-group-is-layout-constrained\">\n<div class=\"wp-block-group single_step is-nowrap is-layout-flex wp-container-core-group-is-layout-64989fb1 wp-block-group-is-layout-flex\">\n<p class=\"step_number\">1<\/p>\n\n\n\n<div class=\"wp-block-group step_right\"><div class=\"wp-block-group__inner-container is-layout-constrained wp-block-group-is-layout-constrained\">\n<p class=\"step_timing\">2 min<\/p>\n\n\n\n<p>Objasnite u\u010denicima svrhu aktivnosti, nagla\u0161avaju\u0107i da je u\u010dionica siguran prostor u kojem se mogu slobodno izraziti.<\/p>\n<\/div><\/div>\n<\/div>\n\n\n\n<div class=\"wp-block-group single_step is-nowrap is-layout-flex wp-container-core-group-is-layout-64989fb1 wp-block-group-is-layout-flex\">\n<p class=\"step_number\">2<\/p>\n\n\n\n<div class=\"wp-block-group step_right\"><div class=\"wp-block-group__inner-container is-layout-constrained wp-block-group-is-layout-constrained\">\n<p class=\"step_timing\">3 min<\/p>\n\n\n\n<p>Zatra\u017eite od svakog u\u010denika da navede svoje strahove \/ tjeskobe o odre\u0111enoj temi (na primjer: nadolaze\u0107i ispit).<\/p>\n<\/div><\/div>\n<\/div>\n\n\n\n<div class=\"wp-block-group single_step is-nowrap is-layout-flex wp-container-core-group-is-layout-64989fb1 wp-block-group-is-layout-flex\">\n<p class=\"step_number\">3<\/p>\n\n\n\n<div class=\"wp-block-group step_right\"><div class=\"wp-block-group__inner-container is-layout-constrained wp-block-group-is-layout-constrained\">\n<p class=\"step_timing\">2 min<\/p>\n\n\n\n<p>Predajte svakom u\u010deniku prazan list papira i zamolite ga da ga podijele na \u010detiri dijela i nacrtaju oblik u svakom odjeljku: krug, kvadrat, trokut i zakrivljenu liniju.<\/p>\n<\/div><\/div>\n<\/div>\n\n\n\n<div class=\"wp-block-group single_step is-nowrap is-layout-flex wp-container-core-group-is-layout-64989fb1 wp-block-group-is-layout-flex\">\n<p class=\"step_number\">4<\/p>\n\n\n\n<div class=\"wp-block-group step_right\"><div class=\"wp-block-group__inner-container is-layout-constrained wp-block-group-is-layout-constrained\">\n<p class=\"step_timing\">5 min<\/p>\n\n\n\n<p>Zatra\u017eite u\u010denike da oslobode svoju kreativnost pretvaraju\u0107i svaki oblik u \u010dudovi\u0161te (apstraktno ili realisti\u010dno). Zatim ih zamolite da svako \u010dudovi\u0161te pove\u017eu s jednim od strahova koje su zapisali na po\u010detku vje\u017ebe i imenuju \u010dudovi\u0161te. <\/p>\n<\/div><\/div>\n<\/div>\n\n\n\n<div class=\"wp-block-group single_step is-nowrap is-layout-flex wp-container-core-group-is-layout-64989fb1 wp-block-group-is-layout-flex\">\n<p class=\"step_number\">5<\/p>\n\n\n\n<div class=\"wp-block-group step_right\"><div class=\"wp-block-group__inner-container is-layout-constrained wp-block-group-is-layout-constrained\">\n<p class=\"step_timing\">5 min<\/p>\n\n\n\n<p>Rasporedite razred u male skupine i zatra\u017eite od svakog u\u010denika da podijeli barem jedno od svojih \u010dudovi\u0161ta s grupom. Zatim zatra\u017eite od grupe da razmisli i zajedno smisli rje\u0161enje za rje\u0161avanje svakog od zajedni\u010dkih \u010dudovi\u0161ta. <\/p>\n<\/div><\/div>\n<\/div>\n\n\n\n<div class=\"wp-block-group single_step is-nowrap is-layout-flex wp-container-core-group-is-layout-64989fb1 wp-block-group-is-layout-flex\">\n<p class=\"step_number\">6<\/p>\n\n\n\n<div class=\"wp-block-group step_right\"><div class=\"wp-block-group__inner-container is-layout-constrained wp-block-group-is-layout-constrained\">\n<p class=\"step_timing\">5 min<\/p>\n\n\n\n<p>Zatra\u017eite u\u010denike da nastave rad individualno: svaki u\u010denik bi trebao predstaviti svoje \u010dudovi\u0161te pora\u017eeno rje\u0161enjem koje su osmislili tijekom grupnog rada.<\/p>\n<\/div><\/div>\n<\/div>\n\n\n\n<div class=\"wp-block-group single_step is-nowrap is-layout-flex wp-container-core-group-is-layout-64989fb1 wp-block-group-is-layout-flex\">\n<p class=\"step_number\">7<\/p>\n\n\n\n<div class=\"wp-block-group step_right\"><div class=\"wp-block-group__inner-container is-layout-constrained wp-block-group-is-layout-constrained\">\n<p class=\"step_timing\">5 min<\/p>\n\n\n\n<p>Postavite prostor na jednom od zidova u\u010dionice (ili, ako radite digitalno, stvorite zajedni\u010dku oglasnu plo\u010du) na koju svaki u\u010denik mo\u017ee staviti svoje &#8220;pora\u017eeno \u010dudovi\u0161te&#8221;. Od svakog se u\u010denika tra\u017ei da prika\u017ee svoje \u010dudovi\u0161te i ukratko sa\u017eme pri\u010du \u010dudovi\u0161ta (\u0161to predstavlja i kako mo\u017ee biti pora\u017een). <\/p>\n<\/div><\/div>\n<\/div>\n\n\n\n<div class=\"wp-block-group single_step is-nowrap is-layout-flex wp-container-core-group-is-layout-64989fb1 wp-block-group-is-layout-flex\">\n<p class=\"step_number\">8<\/p>\n\n\n\n<div class=\"wp-block-group step_right\"><div class=\"wp-block-group__inner-container is-layout-constrained wp-block-group-is-layout-constrained\">\n<p class=\"step_timing\">5 min<\/p>\n\n\n\n<p>Zaklju\u010dite aktivnost sa\u017eimaju\u0107i strahove koji su se pojavili, analiziraju\u0107i kako se s njima postupalo i ostavljaju\u0107i prostor u\u010denicima da daju svoje mi\u0161ljenje ukoliko \u017eele.<\/p>\n<\/div><\/div>\n<\/div>\n<\/div><\/div>\n\n<h2 class=\"wp-block-heading\">Savjeti<\/h2>\n\n<ul class=\"wp-block-list\">\n<li>Mo\u017eete zatra\u017eiti u\u010denike da izvr\u0161e neke od koraka prije nastavnog sata kako bi se vi\u0161e vremena moglo posvetiti razrednoj raspravi.<\/li>\n\n\n\n<li>Podsjetite u\u010denike da se ne usredoto\u010duju pretjerano na kvalitetu crte\u017ea: crte\u017e bi trebao biti alat, a ne krajnji cilj aktivnosti.<\/li>\n\n\n\n<li>Ova se aktivnost tako\u0111er mo\u017ee organizirati putem interneta, koriste\u0107i alat za videokonferencije koji omogu\u0107uje izdvojene prostorije za grupne aktivnosti i postavljanje digitalne plo\u010de koju u\u010denici mogu koristiti za dijeljenje svojih crte\u017ea.<\/li>\n<\/ul>\n\n<h2 class=\"wp-block-heading\">Dodatni izvori<\/h2>\n\n<p>Izvor:<a href=\"https:\/\/onehe.org\/eu-activity\/tiny-demons-drawing-monsters\/\"> https:\/\/onehe.org\/eu-activity\/tiny-demons-drawing-monsters\/<\/a><\/p>\n","protected":false},"excerpt":{"rendered":"<p>Sa\u017eetak aktivnosti U ovoj aktivnosti u\u010denici kroz crtanje istra\u017euju i artikuliraju kako se osje\u0107aju. Ova aktivnost poma\u017ee u\u010denicima da izraze, iznesu i suo\u010de se sa svojim strahovima. U\u010denici se \u010desto nalaze u uvjetima stresa ili tjeskobe povezane s akademskim uspjehom i osobnim \u017eivotom: crtanje poma\u017ee vizualizirati ta emocionalna stanja i stvoriti konkretnu podr\u0161ku za dijeljenje [&hellip;]<\/p>\n","protected":false},"featured_media":925,"parent":0,"menu_order":0,"template":"","format":"standard","meta":{"footnotes":""},"time":[102],"learningjourney":[126],"skills":[140,137],"organisationalmode":[159],"class_list":["post-2059","activity","type-activity","status-publish","format-standard","has-post-thumbnail","hentry","time-up-to-30-minutes-hr","learningjourney-reflection-hr","skills-evaluate-hr","skills-create-hr","organisationalmode-individual-hr"],"_links":{"self":[{"href":"https:\/\/www.banglearningframework.eu\/hr\/wp-json\/wp\/v2\/activity\/2059","targetHints":{"allow":["GET"]}}],"collection":[{"href":"https:\/\/www.banglearningframework.eu\/hr\/wp-json\/wp\/v2\/activity"}],"about":[{"href":"https:\/\/www.banglearningframework.eu\/hr\/wp-json\/wp\/v2\/types\/activity"}],"version-history":[{"count":3,"href":"https:\/\/www.banglearningframework.eu\/hr\/wp-json\/wp\/v2\/activity\/2059\/revisions"}],"predecessor-version":[{"id":2062,"href":"https:\/\/www.banglearningframework.eu\/hr\/wp-json\/wp\/v2\/activity\/2059\/revisions\/2062"}],"wp:featuredmedia":[{"embeddable":true,"href":"https:\/\/www.banglearningframework.eu\/hr\/wp-json\/wp\/v2\/media\/925"}],"wp:attachment":[{"href":"https:\/\/www.banglearningframework.eu\/hr\/wp-json\/wp\/v2\/media?parent=2059"}],"wp:term":[{"taxonomy":"time","embeddable":true,"href":"https:\/\/www.banglearningframework.eu\/hr\/wp-json\/wp\/v2\/time?post=2059"},{"taxonomy":"learningjourney","embeddable":true,"href":"https:\/\/www.banglearningframework.eu\/hr\/wp-json\/wp\/v2\/learningjourney?post=2059"},{"taxonomy":"skills","embeddable":true,"href":"https:\/\/www.banglearningframework.eu\/hr\/wp-json\/wp\/v2\/skills?post=2059"},{"taxonomy":"organisationalmode","embeddable":true,"href":"https:\/\/www.banglearningframework.eu\/hr\/wp-json\/wp\/v2\/organisationalmode?post=2059"}],"curies":[{"name":"wp","href":"https:\/\/api.w.org\/{rel}","templated":true}]}}